{"id":1703,"date":"2025-09-20T16:56:19","date_gmt":"2025-09-20T16:56:19","guid":{"rendered":"https:\/\/aboaarte.com\/?post_type=product&#038;p=1703"},"modified":"2025-11-15T14:36:17","modified_gmt":"2025-11-15T14:36:17","slug":"messerschmitt-me-109e-4-emil-i-lg-2-branco-14","status":"publish","type":"product","link":"https:\/\/aboaarte.com\/index.php\/product\/messerschmitt-me-109e-4-emil-i-lg-2-branco-14\/","title":{"rendered":"Messerschmitt Me-109E-4 \u201cEmil\u201d (I.\/LG 2) \u201cBranco 14\u201d"},"content":{"rendered":"<p>Luftwaffe &#8211; Batalha da Inglaterra &#8211; 1940. Pintura representando o Messerschmitt 109 E-4 pilotado por Hans Joachim Marseille durante a Batalha da Gr\u00e3-Bretanha. Marseille, mais tarde vastamente conhecido como \u201cA Estrela da \u00c1frica\u201d, tornou-se um dos ases mais efetivos da Luftwaffe, com 158 vit\u00f3rias. O Messerschmitt 109 foi um ca\u00e7a multiuso alem\u00e3o, projetado por Willy Messerschmitt e Robert Lusser, na d\u00e9cada de 1930. Teve a designa\u00e7\u00e3o Bf 109, referindo-se \u00e0 empresa de desenvolvimento \u201cBayerische Flugzeugwerke\u201d, denominada Messerschmitt ap\u00f3s ser comprada por Willy Messerschmitt. Foi um dos primeiros ca\u00e7as verdadeiramente modernos, incluindo uma fuselagem toda de metal, cabine de pilotagem fechada, trem de aterragem retr\u00e1til, e um poderoso motor V12 invertido com refrigera\u00e7\u00e3o l\u00edquida.<\/p>\n<p>\u00d3leo sobre tela em algod\u00e3o, tratamento antif\u00fangico e anti\u00e1cido, chassi ecol\u00f3gico, pigmentos e vernizes franceses, ingleses, holandeses e italianos. Moldura em madeira, estilo r\u00fastico. Certificado de Autenticidade. Certifica\u00e7\u00f5es FSC\/PEFC, ISO 9001, ISO 14001, SEDEX, SMETA, \u201cRoyal\u201d.<\/p>\n<p><span style=\"color: #ff6600;\"><strong>ATEN\u00c7\u00c3O<\/strong>:<\/span><em> a obra apresentada, em seu car\u00e1ter hist\u00f3rico, cont\u00e9m todos os s\u00edmbolos, marcas e numera\u00e7\u00f5es originais do equipamento representado. Na imagem, s\u00edmbolos considerados inadequados foram cobertos digitalmente. A pintura original \u00e9 historicamente acurada, e <strong>n\u00e3o possui<\/strong> tais coberturas. <span class=\"yt-core-attributed-string yt-core-attributed-string--white-space-pre-wrap\" dir=\"auto\" role=\"text\">Todas as informa\u00e7\u00f5es que est\u00e3o incorporadas \u00e0 pintura t\u00eam car\u00e1ter \u00fanico e exclusivamente de preserva\u00e7\u00e3o da mem\u00f3ria e de educa\u00e7\u00e3o hist\u00f3rica, e ela deve ser utilizada, armazenada e\/ou exposta de acordo com a l<\/span><span class=\"yt-core-attributed-string yt-core-attributed-string--white-space-pre-wrap\" dir=\"auto\" role=\"text\">egisla\u00e7\u00e3o do pa\u00eds. N\u00e3o ser\u00e1 admitida nenhum tipo de insinua\u00e7\u00e3o relacionada \u00e0 pol\u00edtica, racismo ou qualquer elemento correlato, sob pena de a\u00e7\u00e3o judicial \u00e0 m\u00e1xima extens\u00e3o da Lei. Nosso trabalho ultrapassa tr\u00eas d\u00e9cadas, com o objetivo de preservar, informar e educar. Portanto, antes de dar opini\u00f5es ou criticar, estude, aprenda e n\u00e3o seja apenas mais um reacion\u00e1rio desinformado.<\/span><\/em><\/p>\n<p><strong>Observa\u00e7\u00e3o<\/strong>: nenhuma imagem, por melhor que seja, \u00e9 capaz de reproduzir os detalhes, as nuances, os cuidados que fazem parte do processo de elabora\u00e7\u00e3o da obra, executada com materiais rigidamente selecionados e da mais alta qualidade, para assegurar seu valor e sua longevidade.<\/p>\n<p><em><span class=\"has-inline-color has-cyan-bluish-gray-color\">O autor reserva-se o pleno e permanente direito sobre o copyright da sua obra. Nenhuma c\u00f3pia ou reprodu\u00e7\u00e3o, em qualquer meio f\u00edsico ou digital, pode ser feita sem sua expressa autoriza\u00e7\u00e3o.<\/span><\/em><\/p>\n<p><span style=\"color: #ff6600;\">Para encomendas ou compras internacionais, por favor, entre em contato.<\/span><\/p>\n","protected":false},"excerpt":{"rendered":"<p>\u00d3leo sobre tela em algod\u00e3o, tratamento antif\u00fangico e anti\u00e1cido, chassi ecol\u00f3gico, pigmentos e vernizes franceses, ingleses, holandeses e italianos. Moldura em madeira. Certificado de Autenticidade. Tamanho 30&#215;40 cm (~40&#215;50 cm com moldura).\u00a0 Moldura em madeira, estilo r\u00fastico. Certifica\u00e7\u00e3o de qualidade e proced\u00eancia, assinada pelo autor. Obra \u00fanica. Por F. G. Dillenburg. S\u00e9rie \u201cGerman WWII Fighters\u201d. Certifica\u00e7\u00f5es FSC\/PEFC, ISO 9001, ISO 14001, SEDEX, SMETA, \u201cRoyal\u201d.<\/p>\n<p><span style=\"color: #ff6600;\"><strong>ATEN\u00c7\u00c3O<\/strong>:<\/span><em> a obra apresentada, em seu car\u00e1ter hist\u00f3rico, cont\u00e9m todos os s\u00edmbolos, marcas e numera\u00e7\u00f5es originais. Na imagem, s\u00edmbolos considerados inadequados foram cobertos digitalmente. A pintura original \u00e9 historicamente acurada, e n\u00e3o possui tais coberturas. <span class=\"yt-core-attributed-string yt-core-attributed-string--white-space-pre-wrap\" dir=\"auto\" role=\"text\">Todas as informa\u00e7\u00f5es que est\u00e3o incorporadas \u00e0 pintura t\u00eam car\u00e1ter \u00fanico e exclusivamente de mem\u00f3ria e educa\u00e7\u00e3o hist\u00f3rica, e ela deve ser utilizada, armazenada e\/ou exposta de acordo com l<\/span><span class=\"yt-core-attributed-string yt-core-attributed-string--white-space-pre-wrap\" dir=\"auto\" role=\"text\">egisla\u00e7\u00e3o do pa\u00eds. N\u00e3o ser\u00e1 admitida nenhum tipo de insinua\u00e7\u00e3o relacionada \u00e0 prefer\u00eancia pol\u00edtica, racismo ou qualquer elemento correlato, sob pena de a\u00e7\u00e3o judicial \u00e0 m\u00e1xima extens\u00e3o da Lei. Nosso trabalho ultrapassa tr\u00eas d\u00e9cadas, com o objetivo de preservar, informar e educar. Portanto, antes de dar opini\u00f5es ou criticar, estude, aprenda e n\u00e3o seja apenas mais um reacion\u00e1rio est\u00fapido e desinformado.<\/span><\/em><\/p>\n","protected":false},"featured_media":1704,"template":"","meta":{"om_disable_all_campaigns":false,"site-sidebar-layout":"no-sidebar","site-content-layout":"boxed-container","ast-site-content-layout":"normal-width-container","site-content-style":"boxed","site-sidebar-style":"boxed","ast-global-header-display":"","ast-banner-title-visibility":"","ast-main-header-display":"","ast-hfb-above-header-display":"","ast-hfb-below-header-display":"","ast-hfb-mobile-header-display":"","site-post-title":"","ast-breadcrumbs-content":"","ast-featured-img":"","footer-sml-layout":"","theme-transparent-header-meta":"default","adv-header-id-meta":"","stick-header-meta":"","header-above-stick-meta":"","header-main-stick-meta":"","header-below-stick-meta":"","astra-migrate-meta-layouts":"set","ast-page-background-enabled":"default","ast-page-background-meta":{"desktop":{"background-color":"","background-image":"","background-repeat":"repeat","background-position":"center center","background-size":"auto","background-attachment":"scroll","background-type":"","background-media":"","overlay-type":"","overlay-color":"","overlay-opacity":"","overlay-gradient":""},"tablet":{"background-color":"","background-image":"","background-repeat":"repeat","background-position":"center center","background-size":"auto","background-attachment":"scroll","background-type":"","background-media":"","overlay-type":"","overlay-color":"","overlay-opacity":"","overlay-gradient":""},"mobile":{"background-color":"","background-image":"","background-repeat":"repeat","background-position":"center center","background-size":"auto","background-attachment":"scroll","background-type":"","background-media":"","overlay-type":"","overlay-color":"","overlay-opacity":"","overlay-gradient":""}},"ast-content-background-meta":{"desktop":{"background-color":"var(--ast-global-color-5)","background-image":"","background-repeat":"repeat","background-position":"center center","background-size":"auto","background-attachment":"scroll","background-type":"","background-media":"","overlay-type":"","overlay-color":"","overlay-opacity":"","overlay-gradient":""},"tablet":{"background-color":"var(--ast-global-color-5)","background-image":"","background-repeat":"repeat","background-position":"center center","background-size":"auto","background-attachment":"scroll","background-type":"","background-media":"","overlay-type":"","overlay-color":"","overlay-opacity":"","overlay-gradient":""},"mobile":{"background-color":"var(--ast-global-color-5)","background-image":"","background-repeat":"repeat","background-position":"center center","background-size":"auto","background-attachment":"scroll","background-type":"","background-media":"","overlay-type":"","overlay-color":"","overlay-opacity":"","overlay-gradient":""}}},"product_brand":[],"product_cat":[58,133,25,20,37],"product_tag":[141,140,53,139,55,46,52,57],"class_list":{"0":"post-1703","1":"product","2":"type-product","3":"status-publish","4":"has-post-thumbnail","6":"product_cat-aviation-art","7":"product_cat-historico","8":"product_cat-oleo","9":"product_cat-pinturas","10":"product_cat-tema","11":"product_tag-alemanha","12":"product_tag-aviao","13":"product_tag-aviation-art","14":"product_tag-avioes","15":"product_tag-historia","16":"product_tag-oleo","17":"product_tag-pintura","18":"product_tag-segunda-guerra-mundial","19":"desktop-align-left","20":"tablet-align-left","21":"mobile-align-left","23":"first","24":"instock","25":"sold-individually","26":"taxable","27":"shipping-taxable","28":"purchasable","29":"product-type-simple"},"aioseo_notices":[],"_links":{"self":[{"href":"https:\/\/aboaarte.com\/index.php\/wp-json\/wp\/v2\/product\/1703","targetHints":{"allow":["GET"]}}],"collection":[{"href":"https:\/\/aboaarte.com\/index.php\/wp-json\/wp\/v2\/product"}],"about":[{"href":"https:\/\/aboaarte.com\/index.php\/wp-json\/wp\/v2\/types\/product"}],"wp:featuredmedia":[{"embeddable":true,"href":"https:\/\/aboaarte.com\/index.php\/wp-json\/wp\/v2\/media\/1704"}],"wp:attachment":[{"href":"https:\/\/aboaarte.com\/index.php\/wp-json\/wp\/v2\/media?parent=1703"}],"wp:term":[{"taxonomy":"product_brand","embeddable":true,"href":"https:\/\/aboaarte.com\/index.php\/wp-json\/wp\/v2\/product_brand?post=1703"},{"taxonomy":"product_cat","embeddable":true,"href":"https:\/\/aboaarte.com\/index.php\/wp-json\/wp\/v2\/product_cat?post=1703"},{"taxonomy":"product_tag","embeddable":true,"href":"https:\/\/aboaarte.com\/index.php\/wp-json\/wp\/v2\/product_tag?post=1703"}],"curies":[{"name":"wp","href":"https:\/\/api.w.org\/{rel}","templated":true}]}}